{"id":6,"date":"2014-08-17T19:51:19","date_gmt":"2014-08-17T19:51:19","guid":{"rendered":"http:\/\/schwedenhaus-och.de\/schwedenhaus\/?page_id=6"},"modified":"2014-11-09T15:17:18","modified_gmt":"2014-11-09T15:17:18","slug":"infos","status":"publish","type":"page","link":"https:\/\/schwedenhaus-och.de\/?page_id=6","title":{"rendered":"Infos"},"content":{"rendered":"<p class=\"Body\"><span class=\"style_1\" style=\"line-height: 22px;\">Das gem\u00fctliche, aus dem 18., bzw 19. Jahrhundert stammende Haus liegt n\u00f6rdlich des Ortes N\u00e4sum in der Region Nordost-Schonen an der Grenze zur Region Blekinge. Die Entfernung von den F\u00e4hrh\u00e4fen und der \u00d6resundbr\u00fccke betr\u00e4gt jeweils ca. 160 km.<br \/>\n<\/span><\/p>\n<p class=\"Body\"><img loading=\"lazy\" decoding=\"async\" data-attachment-id=\"7\" data-permalink=\"https:\/\/schwedenhaus-och.de\/?attachment_id=7\" data-orig-file=\"https:\/\/schwedenhaus-och.de\/wp-content\/uploads\/2014\/08\/DSC00389.jpg\" data-orig-size=\"2048,1536\" data-comments-opened=\"1\" data-image-meta=\"{&quot;aperture&quot;:&quot;3.8&quot;,&quot;credit&quot;:&quot;&quot;,&quot;camera&quot;:&quot;DSC-P52&quot;,&quot;caption&quot;:&quot;&quot;,&quot;created_timestamp&quot;:&quot;1092392576&quot;,&quot;copyright&quot;:&quot;&quot;,&quot;focal_length&quot;:&quot;6.3&quot;,&quot;iso&quot;:&quot;100&quot;,&quot;shutter_speed&quot;:&quot;0.005&quot;,&quot;title&quot;:&quot;&quot;}\" data-image-title=\"Haus mit Kuh\" data-image-description=\"\" data-image-caption=\"\" data-large-file=\"https:\/\/schwedenhaus-och.de\/wp-content\/uploads\/2014\/08\/DSC00389-1024x768.jpg\" class=\"aligncenter wp-image-7 size-large\" src=\"https:\/\/schwedenhaus-och.de\/wp-content\/uploads\/2014\/08\/DSC00389-1024x768.jpg\" alt=\"\" width=\"768\" height=\"576\" srcset=\"https:\/\/schwedenhaus-och.de\/wp-content\/uploads\/2014\/08\/DSC00389-1024x768.jpg 1024w, https:\/\/schwedenhaus-och.de\/wp-content\/uploads\/2014\/08\/DSC00389-300x225.jpg 300w, https:\/\/schwedenhaus-och.de\/wp-content\/uploads\/2014\/08\/DSC00389.jpg 2048w\" sizes=\"auto, (max-width: 768px) 100vw, 768px\" \/><\/p>\n<p class=\"Body\"><span class=\"style_1\" style=\"line-height: 22px;\">Die n\u00e4here Umgebung ist durch Laubwald und bergige, von gro\u00dfen Steinen \u00fcbers\u00e4te Weiden gekennzeichnet. Die Besiedelung besteht aus weit verstreut stehenden Einzelh\u00e4usern und Bauernh\u00f6fen. Ein kleiner Flu\u00df durchzieht die Landschaft. Sie k\u00f6nnen direkt ab dem Haus Wanderungen und Radtouren durch ausgedehnte von Elch und Reh bewohnte Waldgebiete, durch offene Landschaft, zu Seen und zu verschiedenen Sehensw\u00fcrdigkeiten durchf\u00fchren.<br \/>\n<\/span><\/p>\n<p class=\"Body\"><span class=\"style_1\" style=\"line-height: 22px;\">Eine Vielzahl von traumhaft sch\u00f6nen Seen bietet kinderfreundliche Badem\u00f6glichkeiten (ab ca. 7 km Entfernung). Die Ostsee mit kilometerlangen Sandstr\u00e4nden oder, weiter \u00f6stlich, einer abwechslungsreichen Sch\u00e4renk\u00fcste mit vielen Buchten und Inseln ist ab ca. 15 km entfernt. Die gr\u00f6\u00dferen Inseln des Sch\u00e4rengebietes sind durch Linien- und Ausflugsboote problemlos erreichbar.<br \/>\n<\/span><\/p>\n<p class=\"Body\"><span class=\"style_1\" style=\"line-height: 22px;\">In einer Kanuzentrale in ca. 10 km Entfernung vom Haus k\u00f6nnen Sie ein Kanu zur Erkundung von \u201cSchwedens s\u00fcdlichster Wildmark\u201d, des ausgedehnten Seengebietes H\u00e5len-Rasl\u00e5ngen-Immeln, mieten.<br \/>\n<\/span><\/p>\n<p><span class=\"style_1\" style=\"line-height: 22px;\">F\u00fcr Angler bestehen gute M\u00f6glichkeiten, beispielsweise im Flu\u00df Holje\u00e5n, der nur wenige Gehminuten vom Haus entfernt vorbeiflie\u00dft. Au\u00dferdem im ber\u00fchmten Lachsflu\u00df M\u00f6rrums\u00e5n, in den Seen und in der Ostsee.<\/span><\/p>\n<p class=\"Body\"><span class=\"style_1\" style=\"line-height: 22px;\">Nicht zu vergessen sind die vielen kulturellen Sehensw\u00fcrdigkeiten (Schl\u00f6sser, Freilichtmuseen, Kirchen und Museen) und die sch\u00f6nen St\u00e4dte und D\u00f6rfer, wie zum Beispiel S\u00f6lvesborg, Kristianstad und Karlshamn, die ein lohnendes Ziel f\u00fcr Ausfl\u00fcge und einen Einkaufsbummel sind.<br \/>\n<\/span><\/p>\n<p class=\"Body\"><span class=\"style_1\" style=\"line-height: 22px;\">Das Glasreich im s\u00fcdlichen Sm\u00e5land mit seinen vielen Glash\u00fctten kann bei einem Tagesausflug erkundet werden. F\u00fcr Kinder bietet sich der Wildpark Eriksberg, der Wasser-Vergn\u00fcgungspark \u201cToselilla\u201d oder ein Bootsausflug auf den artenreichen Wasserfl\u00e4chen um Kristianstad an.<br \/>\n<\/span><\/p>\n<p class=\"Body\"><span class=\"style_1\" style=\"line-height: 22px;\">Die \u00d6resundbr\u00fccke erm\u00f6glicht mit der ausgezeichneten Bahnverbindung oder mit dem PKW Tagesausfl\u00fcge nach Kopenhagen.<\/span><span class=\"style_2\" style=\"line-height: 17px;\"><br \/>\n<\/span><\/p>\n","protected":false},"excerpt":{"rendered":"<p>Das gem\u00fctliche, aus dem 18., bzw 19. Jahrhundert stammende Haus liegt n\u00f6rdlich des Ortes N\u00e4sum in der Region Nordost-Schonen an der Grenze zur Region Blekinge. Die Entfernung von den F\u00e4hrh\u00e4fen und der \u00d6resundbr\u00fccke betr\u00e4gt jeweils ca. 160 km. Die n\u00e4here Umgebung ist durch Laubwald und bergige, von gro\u00dfen Steinen \u00fcbers\u00e4te Weiden gekennzeichnet. Die Besiedelung besteht [&hellip;]<\/p>\n","protected":false},"author":1,"featured_media":0,"parent":0,"menu_order":0,"comment_status":"closed","ping_status":"open","template":"","meta":{"jetpack_post_was_ever_published":false,"footnotes":""},"class_list":["post-6","page","type-page","status-publish","hentry"],"jetpack_shortlink":"https:\/\/wp.me\/P4WQUQ-6","jetpack_sharing_enabled":true,"_links":{"self":[{"href":"https:\/\/schwedenhaus-och.de\/index.php?rest_route=\/wp\/v2\/pages\/6","targetHints":{"allow":["GET"]}}],"collection":[{"href":"https:\/\/schwedenhaus-och.de\/index.php?rest_route=\/wp\/v2\/pages"}],"about":[{"href":"https:\/\/schwedenhaus-och.de\/index.php?rest_route=\/wp\/v2\/types\/page"}],"author":[{"embeddable":true,"href":"https:\/\/schwedenhaus-och.de\/index.php?rest_route=\/wp\/v2\/users\/1"}],"replies":[{"embeddable":true,"href":"https:\/\/schwedenhaus-och.de\/index.php?rest_route=%2Fwp%2Fv2%2Fcomments&post=6"}],"version-history":[{"count":5,"href":"https:\/\/schwedenhaus-och.de\/index.php?rest_route=\/wp\/v2\/pages\/6\/revisions"}],"predecessor-version":[{"id":216,"href":"https:\/\/schwedenhaus-och.de\/index.php?rest_route=\/wp\/v2\/pages\/6\/revisions\/216"}],"wp:attachment":[{"href":"https:\/\/schwedenhaus-och.de\/index.php?rest_route=%2Fwp%2Fv2%2Fmedia&parent=6"}],"curies":[{"name":"wp","href":"https:\/\/api.w.org\/{rel}","templated":true}]}}